{"id":6,"date":"2021-10-12T09:24:25","date_gmt":"2021-10-12T09:24:25","guid":{"rendered":"https:\/\/prahasobe.cz\/praha9sobe\/?page_id=6"},"modified":"2026-02-28T15:12:53","modified_gmt":"2026-02-28T14:12:53","slug":"nas-pribeh","status":"publish","type":"page","link":"https:\/\/prahasobe.cz\/praha12sobe\/nas-pribeh\/","title":{"rendered":"N\u00e1\u0161 p\u0159\u00edb\u011bh"},"content":{"rendered":"\n<div class=\"wp-block-columns section is-layout-flex wp-container-core-columns-is-layout-9d6595d7 wp-block-columns-is-layout-flex\">\n<div class=\"wp-block-column is-layout-flow wp-block-column-is-layout-flow\" style=\"flex-basis:40%\">\n<div style=\"height:20px\" aria-hidden=\"true\" class=\"wp-block-spacer\"><\/div>\n\n\n\n<h2 class=\"wp-block-heading\"><strong>O n\u00e1s<\/strong><\/h2>\n\n\n\n<p>Jsme skupina ob\u010dan\u016f z&nbsp;Prahy 12, kter\u00e9 spojil z\u00e1jem o&nbsp;d\u011bn\u00ed v&nbsp;na\u0161\u00ed m\u011bstsk\u00e9 \u010d\u00e1sti. Proto jsme zalo\u017eili sdru\u017een\u00ed nez\u00e1visl\u00fdch kandid\u00e1t\u016f Praha 12 sob\u011b a&nbsp;nov\u011b jsme sou\u010d\u00e1st\u00ed pra\u017esk\u00e9 m\u011bstsk\u00e9 strany Praha sob\u011b.<\/p>\n\n\n\n<p>Kdy\u017e se&nbsp;spoj\u00ed soused\u00e9, dok\u00e1\u017e\u00ed velk\u00e9 v\u011bci. Chceme sousedskou politiku p\u0159in\u00e9st i&nbsp;do&nbsp;Prahy 12. Na\u0161\u00ed m\u011bstsk\u00e9 \u010d\u00e1sti chyb\u00ed dlouhodob\u00e1 p\u0159edstava, kam sm\u011b\u0159ovat a&nbsp;jak se&nbsp;tam dostat. P\u0159itom m\u00edstn\u00ed sami nejl\u00e9pe v\u011bd\u00ed, co je u&nbsp;n\u00e1s pot\u0159eba \u2013 zv\u00fd\u0161it po\u010det m\u00edst ve&nbsp;\u0161kol\u00e1ch a&nbsp;\u0161kolk\u00e1ch i&nbsp;jejich kvalitu, l\u00e9pe pe\u010dovat o&nbsp;s\u00eddli\u0161t\u011b, nezapom\u00ednat na Cholupice a&nbsp;To\u010dnou, podporovat komunitn\u00ed \u017eivot, usm\u011br\u0148ovat zahu\u0161\u0165ov\u00e1n\u00ed Prahy 12 z\u00e1stavbou a&nbsp;rozv\u00edjet slu\u017eby pro&nbsp;seniory.<\/p>\n\n\n\n<p>P\u0159ejeme si Prahu 12 sousedskou a&nbsp;p\u0159\u00e1telskou ke sv\u00fdm ob\u010dan\u016fm.<\/p>\n<\/div>\n\n\n\n<div class=\"wp-block-column is-layout-flow wp-block-column-is-layout-flow\" style=\"flex-basis:60%\"><div id=\"ps-block_46412f186a870c38f6601b23a068b328\" class=\"section custom-bgc custom-bgc-yellow rounded rounded-tl rounded-tr rounded-bl rounded-br\">\n\n\n<h2 class=\"wp-block-heading\"><strong>Co chceme spole\u010dn\u011b dok\u00e1zat?<\/strong><\/h2>\n\n\n\n<p><strong><em>Chceme spole\u010dn\u011b s&nbsp;v\u00e1mi, na\u0161imi sousedy, budovat p\u0159\u00edv\u011btivou m\u011bstskou \u010d\u00e1st.<\/em><\/strong><\/p>\n\n\n\n<p><strong><em>Chceme, aby bylo mo\u017en\u00e9 zde aktivn\u011b a&nbsp;d\u016fstojn\u011b pro\u017e\u00edt cel\u00fd \u017eivot, od d\u011btstv\u00ed a\u017e po&nbsp;zral\u00fd v\u011bk.<\/em><\/strong><\/p>\n\n\n\n<p><strong>Na\u0161\u00edm c\u00edlem je:<\/strong><\/p>\n\n\n\n<ol class=\"wp-block-list\"><li>Otev\u0159en\u00e1 komunikace s&nbsp;ob\u010dany a&nbsp;poctiv\u00e1 spr\u00e1va obecn\u00edch financ\u00ed.<\/li><li>Bezpe\u010dn\u00e9 a&nbsp;\u010dist\u00e9 prost\u0159ed\u00ed pro&nbsp;n\u00e1s i&nbsp;na\u0161e d\u011bti. Bezpe\u010dn\u00e1 a&nbsp;\u010dist\u00e1 Praha 12.<\/li><li>Dostupn\u00e9 \u0161koly a&nbsp;\u0161kolky s&nbsp;rozmanitou nab\u00eddkou vzd\u011bl\u00e1v\u00e1n\u00ed.<\/li><li>D\u016fstojn\u00e9 bydlen\u00ed a&nbsp;kvalitn\u00ed soci\u00e1ln\u00ed slu\u017eby.<\/li><li>Dopravn\u00ed \u0159e\u0161en\u00ed pro&nbsp;v\u0161echny obyvatele m\u011bstsk\u00e9 \u010d\u00e1sti.<\/li><li>Podpora komunitn\u00edho a&nbsp;sousedsk\u00e9ho \u017eivota.<\/li><li>M\u00edsto p\u0159\u00edv\u011btiv\u00e9 k&nbsp;lidem i&nbsp;p\u0159\u00edrod\u011b.<\/li><\/ol>\n\n\n\n<p><strong><em>Dok\u00e1zali jsme to na magistr\u00e1tu v&nbsp;letech 2018 &#8211; 2022, nebo t\u0159eba v&nbsp;Praze\u00a07, kter\u00e1 je v&nbsp;na\u0161em hlavn\u00edm m\u011bst\u011b p\u0159\u00edkladem kvalitn\u00ed\u00a0spr\u00e1vy. Poj\u010fme to dok\u00e1zat i&nbsp;v&nbsp;Praze\u00a012.<\/em><\/strong><\/p>\n\n\n<\/div><\/div>\n<\/div>\n\n\n\n<div class=\"wp-block-group full-width is-stripe\"><div class=\"wp-block-group__inner-container is-layout-flow wp-block-group-is-layout-flow\">\n<div class=\"wp-block-buttons is-nowrap is-layout-flex wp-container-core-buttons-is-layout-ad2f72ca wp-block-buttons-is-layout-flex\"><\/div>\n<\/div><\/div>\n\n\n\n<div style=\"height:20px\" aria-hidden=\"true\" class=\"wp-block-spacer\"><\/div>\n\n\n\n<div class=\"wp-block-columns section is-layout-flex wp-container-core-columns-is-layout-9d6595d7 wp-block-columns-is-layout-flex\">\n<div class=\"wp-block-column is-layout-flow wp-block-column-is-layout-flow\"><div id=\"ps-block_fe7a5e5c0abe2a3a8dd220a2d587caf8\" class=\"team-member--item\">\n    <!-- photo and name -->\n    <div class=\"team-member--img_container\">\n        <img decoding=\"async\" src=\"https:\/\/prahasobe.cz\/praha12sobe\/wp-content\/uploads\/sites\/7\/2022\/08\/Verona-Ballay-web-1-e1660725572781.jpg\" alt=\"\" class=\"team-member--img\">\n    <\/div>\n    <h4 class=\"strong team-member--title highlight\">Verona Ballay<\/h4>\n\n    <!-- CAPTION GOES HERE -->\n    <div class=\"team-member--caption\">\n        \n\n<p>S Prahou 12 m\u00e1 Verona spjat\u00fd cel\u00fd sv\u016fj \u017eivot. Na dvan\u00e1ctce vyrostla a&nbsp;nyn\u00ed zde vychov\u00e1v\u00e1 sv\u00e9 d\u011bti. Patn\u00e1ct let se&nbsp;\u00fa\u010dastn\u00ed m\u00edstn\u00edho \u017eivota mimo jin\u00e9 jako \u010dlenka komis\u00ed a&nbsp;nyn\u00ed jako zastupitelka a&nbsp;p\u0159edsedkyn\u011b Kontroln\u00edho v\u00fdboru .Vystudovala fotografii, pr\u00e1vo a&nbsp;zakotvila v&nbsp;odv\u011btv\u00ed marketingu. Na politice vn\u00edm\u00e1 to pozitivn\u00ed a&nbsp;to mo\u017enost m\u011bnit sv\u011bt kolem sebe. Sna\u017e\u00ed se&nbsp;o&nbsp;koncep\u010dn\u00ed rozvoj m\u011bstsk\u00e9 \u010d\u00e1sti zalo\u017een\u00fd na datech a&nbsp;tak\u00e9 n\u00e1zorech m\u00edstn\u00edch obyvatel. Chce kvalitn\u00ed spr\u00e1vu Prahy 12 od dobr\u00fdch \u0161kol, zaj\u00edmav\u00e9ho ve\u0159ejn\u00e9ho prostoru bez p\u0159ek\u00e1\u017eek, dopravu p\u0159izp\u016fsobenou v\u0161em typ\u016fm p\u0159epravy a&nbsp;p\u00e9\u010di o&nbsp;zele\u0148 v\u010detn\u011b d\u016fsledn\u00e9ho \u00faklidu. A\u010d je Praha 12 sob\u011b v&nbsp;opozici, da\u0159\u00ed se&nbsp;alespo\u0148 drobn\u00e9 zm\u011bny a&nbsp;v\u011b\u0159\u00ed, \u017ee poctiv\u00fd a&nbsp;a&nbsp;opravdov\u00fd z\u00e1jem je tou spr\u00e1vnou cestou. <\/p>\n\n\n\n<p>Kontakt: 605&nbsp;042&nbsp;875<\/p>\n\n\n    <\/div>\n\n    <!-- email & social media links -->\n            <div class=\"team-member--links\">\n                            <a href=\"mailto:verona.ballay@gmail.com\" class=\"team-member--link\">E-mail<\/a>\n                                                    <a href=\"https:\/\/www.facebook.com\/verona.ballay\" class=\"team-member--link\">Facebook<\/a>\n                    <\/div>\n    <\/div> <!-- END TEAM MEMBER BLOCK --><\/div>\n\n\n\n<div class=\"wp-block-column is-layout-flow wp-block-column-is-layout-flow\"><div id=\"ps-block_714e52d3476ae1b4e981a8103a6017b4\" class=\"team-member--item\">\n    <!-- photo and name -->\n    <div class=\"team-member--img_container\">\n        <img decoding=\"async\" src=\"https:\/\/prahasobe.cz\/praha12sobe\/wp-content\/uploads\/sites\/7\/2022\/06\/petr_Betak.jpg\" alt=\"\" class=\"team-member--img\">\n    <\/div>\n    <h4 class=\"strong team-member--title highlight\">Petr B\u011bt\u00e1k<\/h4>\n\n    <!-- CAPTION GOES HERE -->\n    <div class=\"team-member--caption\">\n        \n\n<p>Po absolvov\u00e1n\u00ed strojn\u00ed fakulty v&nbsp;r. 1979 je spjat s&nbsp;\u017eivotem v&nbsp;Mod\u0159anech. Nastoupil do&nbsp;mod\u0159ansk\u00e9ho cukrovaru a&nbsp;p\u0159est\u011bhoval se&nbsp;s&nbsp;rodinou do&nbsp;Komo\u0159an. Po&nbsp;5 letech p\u0159e\u0161el do&nbsp;V\u00fdzkumn\u00e9ho \u00fastavu Sigma v&nbsp;Mod\u0159anech.&nbsp;10 let&nbsp; byl \u0159editelem firmy Burgmann s.r.o., pot\u00e9 v&nbsp;r\u00e1mci koncernu firmy EagleBurgmann postoupil na funkci koordin\u00e1tora mezin\u00e1rodn\u00edch projekt\u016f. Nyn\u00ed je v&nbsp;d\u016fchodu a&nbsp;d\u011bl\u00e1 odborn\u00e9 poradenstv\u00ed v&nbsp;\u00fazemn\u00edm pl\u00e1nov\u00e1n\u00ed. S&nbsp;man\u017eelkou maj\u00ed 4 d\u011bti a&nbsp;8 vnou\u010dat. Od r. 2015 pracuje v&nbsp;Komisi pro&nbsp;Komo\u0159any, Cholupice a&nbsp;To\u010dnou. Byl zakl\u00e1daj\u00edc\u00edm \u010dlenem a&nbsp;p\u0159edsedou&nbsp;Spolku pro&nbsp;Komo\u0159any,&nbsp;kter\u00fd se&nbsp;sna\u017e\u00ed o&nbsp;rozvoj ob\u010dansk\u00e9 vybavenosti Komo\u0159an a&nbsp;podporu sousedsk\u00e9ho \u017eivota.&nbsp;<\/p>\n\n\n    <\/div>\n\n    <!-- email & social media links -->\n            <div class=\"team-member--links\">\n                            <a href=\"mailto:praha12@prahasobe.cz\" class=\"team-member--link\">E-mail<\/a>\n                                            <\/div>\n    <\/div> <!-- END TEAM MEMBER BLOCK --><\/div>\n<\/div>\n\n\n\n<div class=\"wp-block-columns section is-layout-flex wp-container-core-columns-is-layout-9d6595d7 wp-block-columns-is-layout-flex\">\n<div class=\"wp-block-column is-layout-flow wp-block-column-is-layout-flow\"><div id=\"ps-block_1ad6384f3a0a7c4c38d1c68448f84d3e\" class=\"team-member--item\">\n    <!-- photo and name -->\n    <div class=\"team-member--img_container\">\n        <img decoding=\"async\" src=\"https:\/\/prahasobe.cz\/praha12sobe\/wp-content\/uploads\/sites\/7\/2022\/06\/Ladislav_Pelcl.jpg\" alt=\"\" class=\"team-member--img\">\n    <\/div>\n    <h4 class=\"strong team-member--title highlight\">Ladislav Pelcl<\/h4>\n\n    <!-- CAPTION GOES HERE -->\n    <div class=\"team-member--caption\">\n        \n\n<p>IT analytik ve&nbsp;firm\u011b vyv\u00edjej\u00edc\u00ed software pro&nbsp;smart metering. Vystudoval Informatiku na V\u0160E, studoval maturitn\u00ed ro\u010dn\u00edk v&nbsp;USA.<\/p>\n\n\n\n<p>Je aktivn\u00edm skautem a&nbsp;pod\u00edl\u00ed se&nbsp;na \u0159\u00edzen\u00ed skautsk\u00e9 organizace. <a href=\"https:\/\/www.respekt.cz\/politika\/vytrvat-navod-jak-v-cesku-bojovat-s-nespravedlivou-moci\">Vyhr\u00e1l soud s&nbsp;MV \u010cR<\/a> ve&nbsp;v\u011bci neopr\u00e1vn\u011bn\u00e9ho policejn\u00edho z\u00e1sahu proti tibetsk\u00e9 vlajce p\u0159i&nbsp;n\u00e1v\u0161t\u011bv\u011b \u010d\u00ednsk\u00e9ho prezidenta. M\u00e1 t\u0159i d\u011bti.<\/p>\n\n\n\n<p>V Mod\u0159anech bydl\u00ed p\u0159es deset let. Je \u010dlenem komise pro&nbsp;digitalizaci Prahy 12. K&nbsp;zapojen\u00ed se&nbsp;mu pomohl jeden chyb\u011bj\u00edc\u00ed p\u0159echod pro&nbsp;chodce; r\u00e1d by svou energii nap\u0159el k&nbsp;tomu, aby se&nbsp;n\u00e1m na Praze 12 dob\u0159e \u017eilo.<\/p>\n\n\n    <\/div>\n\n    <!-- email & social media links -->\n            <div class=\"team-member--links\">\n                            <a href=\"mailto:ladislav@pelcl.cz\" class=\"team-member--link\">E-mail<\/a>\n                                        <a href=\"https:\/\/twitter.com\/laddobar\" class=\"team-member--link\">Twitter<\/a>\n                                        <a href=\"https:\/\/www.facebook.com\/ladislav.pelcl\/\" class=\"team-member--link\">Facebook<\/a>\n                    <\/div>\n    <\/div> <!-- END TEAM MEMBER BLOCK --><\/div>\n\n\n\n<div class=\"wp-block-column is-layout-flow wp-block-column-is-layout-flow\"><div id=\"ps-block_49b9e36a0fb2dac9dd8487c908d8c1ac\" class=\"team-member--item\">\n    <!-- photo and name -->\n    <div class=\"team-member--img_container\">\n        <img decoding=\"async\" src=\"https:\/\/prahasobe.cz\/praha12sobe\/wp-content\/uploads\/sites\/7\/2022\/08\/IMG_20220805_103422-scaled.jpg\" alt=\"\" class=\"team-member--img\">\n    <\/div>\n    <h4 class=\"strong team-member--title highlight\">Ji\u0159\u00ed G. R\u016f\u017ei\u010dka<\/h4>\n\n    <!-- CAPTION GOES HERE -->\n    <div class=\"team-member--caption\">\n        \n\n<p>Absolvent oboru Informa\u010dn\u00ed studia a&nbsp;knihovnictv\u00ed na Filosofick\u00e9 fakult\u011b Univerzity Karlovy. V&nbsp;sou\u010dasnosti knihovn\u00edk na pra\u017esk\u00e9 DAMU. Jeden ze zakladatel\u016f \u010dtrn\u00e1ctiden\u00edku A2, kde je st\u00e1le redaktorem. Sv\u00fdmi texty a&nbsp;recenzemi p\u0159isp\u00edv\u00e1 nejen do&nbsp;A2, ale&nbsp;tak\u00e9 do&nbsp;Kni\u017en\u00edho servisu na Radiu 1. Jako otec \u010dty\u0159 d\u011bt\u00ed, se&nbsp;v\u011bnuje \u0161kolstv\u00ed, v&nbsp;posledn\u00edm volebn\u00edm obdob\u00ed jako p\u0159edseda Komise pro&nbsp;rozvoj vzd\u011bl\u00e1v\u00e1n\u00ed na Praze 12, kde od roku 2018 zast\u00e1v\u00e1 funkci zastupitele.<\/p>\n\n\n\n<p>Z\u00e1jmov\u011b se&nbsp;v\u011bnuje v\u010dela\u0159en\u00ed, permakultu\u0159e a&nbsp;kdy\u017e je \u010das i&nbsp;va\u0159en\u00ed piva. Jako p\u0159edseda SVJ&nbsp;se&nbsp;zab\u00fdv\u00e1 energetikou, p\u0159edev\u0161\u00edm mo\u017enostmi, jak \u0161et\u0159it energi\u00ed, obnoviteln\u00fdmi zdroji a&nbsp;efektivn\u011bj\u0161\u00edm vyt\u00e1p\u011bn\u00edm.<\/p>\n\n\n\n<p>Od roku 2014 \u010dlen Strany Zelen\u00fdch, v&nbsp;sou\u010dasn\u00e9 dob\u011b ve&nbsp;funkci p\u0159edsedy Strany Zelen\u00fdch na Praze 12. V&nbsp;p\u0159\u00ed\u0161t\u00edm volebn\u00edm obdob\u00ed by se&nbsp;op\u011bt r\u00e1d v\u011bnoval \u0161kolstv\u00ed, zejm\u00e9na podpo\u0159e \u0159editel\u016f a&nbsp;u\u010ditel\u016f v&nbsp;inovov\u00e1n\u00ed v\u00fduky, kter\u00e1 by m\u011bla v\u00edc odr\u00e1\u017eet individualitu d\u011bt\u00ed.<\/p>\n\n\n    <\/div>\n\n    <!-- email & social media links -->\n            <div class=\"team-member--links\">\n                            <a href=\"mailto:praha12@prahasobe.cz\" class=\"team-member--link\">E-mail<\/a>\n                                            <\/div>\n    <\/div> <!-- END TEAM MEMBER BLOCK --><\/div>\n\n\n\n<div class=\"wp-block-column is-layout-flow wp-block-column-is-layout-flow\"><div id=\"ps-block_ab3e0bfbfdc2ea7aff489ea9d1a31f4c\" class=\"team-member--item\">\n    <!-- photo and name -->\n    <div class=\"team-member--img_container\">\n        <img decoding=\"async\" src=\"https:\/\/prahasobe.cz\/praha12sobe\/wp-content\/uploads\/sites\/7\/2022\/06\/IMG_6261-scaled.jpg\" alt=\"\" class=\"team-member--img\">\n    <\/div>\n    <h4 class=\"strong team-member--title highlight\">Vojt\u011bch Tydlit\u00e1t<\/h4>\n\n    <!-- CAPTION GOES HERE -->\n    <div class=\"team-member--caption\">\n        \n\n<p>Student oboru Ekonomika a&nbsp;management na Provozn\u011b-Ekonomick\u00e9 fakult\u011b \u010cZU v&nbsp;Praze. O&nbsp;komun\u00e1ln\u00ed politiku se&nbsp;zaj\u00edm\u00e1m od d\u011btstv\u00ed a&nbsp;posledn\u00ed 4 roky aktivn\u011b podporuji Prahu sob\u011b. Situaci ve&nbsp;veden\u00ed Prahy 12 pova\u017euji dlouhodob\u011b za neuspokojivou a&nbsp;proto jsem se&nbsp;rozhodl zapojit do&nbsp;m\u00edstn\u00edho sdru\u017een\u00ed P12S.<\/p>\n\n\n\n<p>V\u011b\u0159\u00edm, \u017ee komun\u00e1ln\u00ed politika se&nbsp;d\u00e1 d\u011blat otev\u0159en\u011b s&nbsp;kladn\u00fdm p\u0159\u00edstupem k&nbsp;ob\u010dan\u016fm a&nbsp;bez zbyte\u010dn\u00fdch h\u00e1dek a&nbsp;na\u0159\u010den\u00ed, kter\u00e9 se&nbsp;v&nbsp;Praze 12 staly takov\u00fdm m\u00edstn\u00edm koloritem. Na radnici je t\u0159eba zajistit kompetentn\u00ed p\u0159\u00edpravu projekt\u016f ve&nbsp;ve\u0159ejn\u00e9m prostoru, zabr\u00e1nit p\u0159\u00edli\u0161n\u00e9mu zahu\u0161\u0165ov\u00e1n\u00ed z\u00e1stavby a&nbsp;zajistit ob\u010danskou vybavenost ve&nbsp;v\u0161ech lok\u00e1ln\u00edch centrech.<\/p>\n\n\n\n<p>Zaj\u00edm\u00e1m se&nbsp;zejm\u00e9na o&nbsp;ve\u0159ejnou dopravu, jsem tak\u00e9 aktivn\u00edm cyklistou a&nbsp;podporuji nen\u00e1siln\u00e9 sklouben\u00ed cyklodopravy a&nbsp;IAD, tak aby nedoch\u00e1zelo ke zbyte\u010dn\u00fdm omezen\u00edm propustnosti a&nbsp;z\u00e1rove\u0148 se&nbsp;v\u0161ichni c\u00edtili bezpe\u010dn\u011b.<\/p>\n\n\n    <\/div>\n\n    <!-- email & social media links -->\n            <div class=\"team-member--links\">\n                            <a href=\"mailto:praha12@prahasobe.cz\" class=\"team-member--link\">E-mail<\/a>\n                                            <\/div>\n    <\/div> <!-- END TEAM MEMBER BLOCK --><\/div>\n<\/div>\n\n\n\n<div class=\"wp-block-columns section is-layout-flex wp-container-core-columns-is-layout-9d6595d7 wp-block-columns-is-layout-flex\">\n<div class=\"wp-block-column is-layout-flow wp-block-column-is-layout-flow\"><div id=\"ps-block_2417a1f0b638e9548dd9e99ecb7ae70f\" class=\"team-member--item\">\n    <!-- photo and name -->\n    <div class=\"team-member--img_container\">\n        <img decoding=\"async\" src=\"https:\/\/prahasobe.cz\/praha12sobe\/wp-content\/uploads\/sites\/7\/2022\/08\/jkadlec_IMG_1504-scaled.jpg\" alt=\"\" class=\"team-member--img\">\n    <\/div>\n    <h4 class=\"strong team-member--title highlight\">Ji\u0159\u00ed Kadlec<\/h4>\n\n    <!-- CAPTION GOES HERE -->\n    <div class=\"team-member--caption\">\n        \n\n<p>Spolumajitel r\u00e1ma\u0159stv\u00ed specializovan\u00e9ho p\u0159edev\u0161\u00edm na sou\u010dasn\u00e9 um\u011bn\u00ed a&nbsp;obchod\u016f s&nbsp;pap\u00edrensk\u00fdm zbo\u017e\u00edm. Samostatn\u011b podnik\u00e1 od roku 1991 kdy se&nbsp;sv\u00fdm spole\u010dn\u00edkem zalo\u017eil paspartovac\u00ed d\u00edlnu.<\/p>\n\n\n\n<p><br>Inici\u00e1tor Masopustu v&nbsp;obci T\u0159ebotov\u011b, kde se&nbsp;kon\u00e1 ji\u017e 20 let. Spoluorganiz\u00e1tor r\u016fzn\u00fdch sousedsk\u00fdch akc\u00ed pro&nbsp;d\u011bti i&nbsp;dosp\u011bl\u00e9, mimo jin\u00e9 Mod\u0159ansk\u00e9ho masopustu, Za\u017e\u00edt Prior jinak, Dne Zem\u011b a&nbsp;D\u011btsk\u00e9ho dne v&nbsp;Mod\u0159anech. Sna\u017e\u00ed se, aby byly tyto akce n\u00edzkorozpo\u010dtov\u00e9, udr\u017eiteln\u00e9 a&nbsp;bez grantov\u00e9 podpory. Se&nbsp;sousedy zalo\u017eil komunitn\u00ed skalku v&nbsp;Komo\u0159anech, p\u0159es kterou je mo\u017en\u00e9 vym\u011b\u0148ovat si rostliny a&nbsp;bylinky, pro&nbsp;obyvatele Mod\u0159an tak\u00e9 vyrobil n\u011bkolik p\u0159ed\u00e1vac\u00edch polic a&nbsp;knihobudek.<br><\/p>\n\n\n\n<p>Jako zastupitel by se&nbsp;cht\u011bl pod\u00edlet na v\u011bt\u0161\u00ed nez\u00e1vislosti Prahy 12 v&nbsp;r\u016fzn\u00fdch oblastech, a\u0165 u\u017e&nbsp;se&nbsp;jedn\u00e1 o&nbsp;kulturu, energie nebo slu\u017eby. Lid\u00e9 z&nbsp;Prahy 12 jezd\u00ed za kulturou p\u0159ev\u00e1\u017en\u011b do&nbsp;centra, v&nbsp;energi\u00edch jsme z\u00e1visl\u00ed na centr\u00e1ln\u00edch dodavatel\u00edch a&nbsp;n\u011bkter\u00e9 slu\u017eby na Praze 12 zcela chyb\u00ed. Proto by r\u00e1d podpo\u0159il lep\u0161\u00ed propagaci st\u00e1vaj\u00edc\u00edch akc\u00ed a&nbsp;nav\u00fd\u0161en\u00ed jejich po\u010dtu. Spole\u010dn\u011b s&nbsp;Ji\u0159\u00edm G.R\u016f\u017ei\u010dkou se&nbsp;sna\u017e\u00ed o&nbsp;zachov\u00e1n\u00ed obchodn\u00edho domu Prior pro&nbsp;m\u011bstskou knihovnu a&nbsp;kulturn\u00ed centrum.<\/p>\n\n\n    <\/div>\n\n    <!-- email & social media links -->\n            <div class=\"team-member--links\">\n                            <a href=\"mailto:praha12@prahasobe.cz\" class=\"team-member--link\">E-mail<\/a>\n                                            <\/div>\n    <\/div> <!-- END TEAM MEMBER BLOCK --><\/div>\n\n\n\n<div class=\"wp-block-column is-layout-flow wp-block-column-is-layout-flow\"><\/div>\n\n\n\n<div class=\"wp-block-column is-layout-flow wp-block-column-is-layout-flow\">\n<p><\/p>\n<\/div>\n<\/div>\n\n\n\n<div class=\"wp-block-columns section is-layout-flex wp-container-core-columns-is-layout-9d6595d7 wp-block-columns-is-layout-flex\">\n<div class=\"wp-block-column is-layout-flow wp-block-column-is-layout-flow\"><\/div>\n\n\n\n<div class=\"wp-block-column is-layout-flow wp-block-column-is-layout-flow\"><\/div>\n\n\n\n<div class=\"wp-block-column is-layout-flow wp-block-column-is-layout-flow\">\n<p><\/p>\n<\/div>\n<\/div>\n\n\n\n<p><\/p>\n","protected":false},"excerpt":{"rendered":"<p>O n\u00e1s Jsme skupina ob\u010dan\u016f z&nbsp;Prahy 12, kter\u00e9 spojil z\u00e1jem o&nbsp;d\u011bn\u00ed v&nbsp;na\u0161\u00ed m\u011bstsk\u00e9 \u010d\u00e1sti. Proto jsme zalo\u017eili sdru\u017een\u00ed nez\u00e1visl\u00fdch kandid\u00e1t\u016f Praha 12 sob\u011b a&nbsp;nov\u011b jsme sou\u010d\u00e1st\u00ed pra\u017esk\u00e9 m\u011bstsk\u00e9 strany Praha sob\u011b. Kdy\u017e se&nbsp;spoj\u00ed soused\u00e9, dok\u00e1\u017e\u00ed velk\u00e9 v\u011bci. Chceme sousedskou politiku p\u0159in\u00e9st i&nbsp;do&nbsp;Prahy 12. Na\u0161\u00ed m\u011bstsk\u00e9 \u010d\u00e1sti chyb\u00ed dlouhodob\u00e1 p\u0159edstava, kam sm\u011b\u0159ovat a&nbsp;jak se&nbsp;tam dostat. P\u0159itom [&hellip;]<\/p>\n","protected":false},"author":5,"featured_media":0,"parent":0,"menu_order":0,"comment_status":"closed","ping_status":"closed","template":"page.php","meta":{"_acf_changed":false,"inline_featured_image":false,"footnotes":""},"class_list":["post-6","page","type-page","status-publish","hentry"],"acf":[],"aioseo_notices":[],"distributor_meta":false,"distributor_terms":false,"distributor_media":false,"distributor_original_site_name":"PRAHA 12 SOB\u011a","distributor_original_site_url":"https:\/\/prahasobe.cz\/praha12sobe","push-errors":false,"_links":{"self":[{"href":"https:\/\/prahasobe.cz\/praha12sobe\/wp-json\/wp\/v2\/pages\/6","targetHints":{"allow":["GET"]}}],"collection":[{"href":"https:\/\/prahasobe.cz\/praha12sobe\/wp-json\/wp\/v2\/pages"}],"about":[{"href":"https:\/\/prahasobe.cz\/praha12sobe\/wp-json\/wp\/v2\/types\/page"}],"author":[{"embeddable":true,"href":"https:\/\/prahasobe.cz\/praha12sobe\/wp-json\/wp\/v2\/users\/5"}],"replies":[{"embeddable":true,"href":"https:\/\/prahasobe.cz\/praha12sobe\/wp-json\/wp\/v2\/comments?post=6"}],"version-history":[{"count":55,"href":"https:\/\/prahasobe.cz\/praha12sobe\/wp-json\/wp\/v2\/pages\/6\/revisions"}],"predecessor-version":[{"id":859,"href":"https:\/\/prahasobe.cz\/praha12sobe\/wp-json\/wp\/v2\/pages\/6\/revisions\/859"}],"wp:attachment":[{"href":"https:\/\/prahasobe.cz\/praha12sobe\/wp-json\/wp\/v2\/media?parent=6"}],"curies":[{"name":"wp","href":"https:\/\/api.w.org\/{rel}","templated":true}]}}